{"id":1778,"date":"2025-07-04T00:48:58","date_gmt":"2025-07-04T00:48:58","guid":{"rendered":"https:\/\/dicastutorial.com\/?p=1778"},"modified":"2025-07-04T01:17:06","modified_gmt":"2025-07-04T01:17:06","slug":"application-to-recover-lost-photos","status":"publish","type":"revidia_lp","link":"https:\/\/dicastutorial.com\/hu\/aplicativo-para-recuperar-fotos-perdidas\/","title":{"rendered":"Alkalmaz\u00e1s az elveszett f\u00e9nyk\u00e9pek vissza\u00e1ll\u00edt\u00e1s\u00e1ra"},"content":{"rendered":"<p>A fontos f\u00e9nyk\u00e9pek elveszt\u00e9se frusztr\u00e1l\u00f3 \u00e9lm\u00e9ny lehet, k\u00fcl\u00f6n\u00f6sen, ha egyedi eml\u00e9keket \u00e9s k\u00fcl\u00f6nleges pillanatokat tartalmaznak. Szerencs\u00e9re ma m\u00e1r l\u00e9teznek olyan alkalmaz\u00e1sok, amelyekkel egyszer\u0171en \u00e9s hat\u00e9konyan vissza\u00e1ll\u00edthatjuk a t\u00f6r\u00f6lt k\u00e9peket a telefonunkr\u00f3l, m\u00e9g v\u00e9letlen t\u00f6rl\u00e9s vagy form\u00e1z\u00e1s ut\u00e1n is.<\/p>\n<p>Ezek az alkalmaz\u00e1sok \u00fagy m\u0171k\u00f6dnek, hogy beolvass\u00e1k az eszk\u00f6z bels\u0151 t\u00e1rol\u00f3j\u00e1t vagy SD-k\u00e1rty\u00e1j\u00e1t, \u00e9s olyan k\u00e9pf\u00e1jlokat keresnek, amelyek m\u00e9g vissza\u00e1ll\u00edthat\u00f3k. Az al\u00e1bbiakban elmagyar\u00e1zzuk az ilyen t\u00edpus\u00fa eszk\u00f6z\u00f6k haszn\u00e1lat\u00e1nak el\u0151nyeit, \u00e9s azt, hogyan seg\u00edthetnek az elveszettnek hitt f\u00e9nyk\u00e9pek vissza\u00e1ll\u00edt\u00e1s\u00e1ban.<\/p>\n<h2>Az alkalmaz\u00e1sok el\u0151nyei<\/h2>\n<p><i class=\"fas fa-check\" style=\"color: green;\"><\/i><strong> Gyors \u00e9s praktikus fel\u00e9p\u00fcl\u00e9s <\/strong><\/p>\n<p>N\u00e9h\u00e1ny koppint\u00e1ssal az alkalmaz\u00e1s \u00e1tvizsg\u00e1lja az eg\u00e9sz eszk\u00f6z\u00f6det, \u00e9s megtal\u00e1lja a nemr\u00e9g t\u00f6r\u00f6lt f\u00e9nyk\u00e9peket, \u00edgy a helyre\u00e1ll\u00edt\u00e1s egyszer\u0171, technikai ismeretek n\u00e9lk\u00fcl is.<\/p>\n<p><i class=\"fas fa-check\" style=\"color: green;\"><\/i><strong> Root n\u00e9lk\u00fcl m\u0171k\u00f6dik <\/strong><\/p>\n<p>Sok modern helyre\u00e1ll\u00edt\u00e1si alkalmaz\u00e1s root hozz\u00e1f\u00e9r\u00e9s n\u00e9lk\u00fcl m\u0171k\u00f6dik az eszk\u00f6zh\u00f6z, \u00edgy biztons\u00e1got \u00e9s k\u00e9nyelmet k\u00edn\u00e1l a h\u00e9tk\u00f6znapi felhaszn\u00e1l\u00f3k sz\u00e1m\u00e1ra.<\/p>\n<p><i class=\"fas fa-check\" style=\"color: green;\"><\/i><strong> El\u0151n\u00e9zet vissza\u00e1ll\u00edt\u00e1s el\u0151tt <\/strong><\/p>\n<p>Az alkalmaz\u00e1s a tal\u00e1lt k\u00e9pek miniat\u0171rjeit jelen\u00edti meg, lehet\u0151v\u00e9 t\u00e9ve a felhaszn\u00e1l\u00f3 sz\u00e1m\u00e1ra, hogy csak a k\u00edv\u00e1nt f\u00e9nyk\u00e9peket v\u00e1lassza ki a helyre\u00e1ll\u00edt\u00e1shoz, \u00edgy helyet \u00e9s id\u0151t takar\u00edt meg.<\/p>\n<p><i class=\"fas fa-check\" style=\"color: green;\"><\/i><strong> Kompatibilit\u00e1s t\u00f6bb form\u00e1tummal <\/strong><\/p>\n<p>A legjobb helyre\u00e1ll\u00edt\u00f3 alkalmaz\u00e1sok felismerik \u00e9s vissza\u00e1ll\u00edtj\u00e1k a f\u00e9nyk\u00e9peket minden f\u0151bb form\u00e1tumban, p\u00e9ld\u00e1ul JPG, PNG, GIF \u00e9s egyebekben.<\/p>\n<p><i class=\"fas fa-check\" style=\"color: green;\"><\/i><strong> SD-k\u00e1rty\u00e1r\u00f3l \u00e9s bels\u0151 mem\u00f3ri\u00e1b\u00f3l is helyre\u00e1ll\u00edthat\u00f3 <\/strong><\/p>\n<p>A k\u00e9sz\u00fcl\u00e9k mem\u00f3ri\u00e1ja mellett a microSD-k\u00e1rty\u00e1kr\u00f3l is lehet\u0151s\u00e9g van t\u00f6r\u00f6lt f\u00e1jlok helyre\u00e1ll\u00edt\u00e1s\u00e1ra, amelyeket gyakran haszn\u00e1lnak az Android telefonokban.<\/p>\n<p><i class=\"fas fa-check\" style=\"color: green;\"><\/i><strong> M\u00e9lyszkennel\u00e9s <\/strong><\/p>\n<p>A gyorskeres\u00e9s mellett ezek az alkalmaz\u00e1sok m\u00e9lykeres\u00e9si m\u00f3dot is k\u00edn\u00e1lnak a r\u00e9gebbi vagy r\u00e9g t\u00f6r\u00f6lt f\u00e9nyk\u00e9pek megtal\u00e1l\u00e1s\u00e1hoz.<\/p>\n<p><i class=\"fas fa-check\" style=\"color: green;\"><\/i><strong> Biztons\u00e1gi ment\u00e9s \u00e9s biztons\u00e1g <\/strong><\/p>\n<p>N\u00e9h\u00e1ny alkalmaz\u00e1s tov\u00e1bbi automatikus biztons\u00e1gi ment\u00e9si funkci\u00f3kat k\u00edn\u00e1l a fontos adatok j\u00f6v\u0151beni elveszt\u00e9s\u00e9nek megakad\u00e1lyoz\u00e1sa \u00e9rdek\u00e9ben.<\/p>\n<p><i class=\"fas fa-check\" style=\"color: green;\"><\/i><strong> Intuit\u00edv kezel\u0151fel\u00fclet <\/strong><\/p>\n<p>A k\u00f6nnyen navig\u00e1lhat\u00f3 men\u00fcknek k\u00f6sz\u00f6nhet\u0151en b\u00e1rki gond n\u00e9lk\u00fcl haszn\u00e1lhatja az alkalmaz\u00e1st \u00e9s \u00e1ll\u00edthat vissza f\u00e1jlokat.<\/p>\n<p><i class=\"fas fa-check\" style=\"color: green;\"><\/i><strong> Ingyenes vagy freemium verzi\u00f3 <\/strong><\/p>\n<p>Sok alkalmaz\u00e1s ingyenes, vagy ingyenes verzi\u00f3t k\u00edn\u00e1l, amelyben korl\u00e1tozott a helyre\u00e1ll\u00edthat\u00f3 f\u00e1jlok sz\u00e1ma, \u00edgy ide\u00e1lis azok sz\u00e1m\u00e1ra, akik ingyenes megold\u00e1st keresnek.<\/p>\n<p><i class=\"fas fa-check\" style=\"color: green;\"><\/i><strong> Magas sikerar\u00e1ny <\/strong><\/p>\n<p>A magas \u00e9rt\u00e9kel\u00e9s\u0171 alkalmaz\u00e1sok nagysz\u00e1m\u00fa elveszett f\u00e9nyk\u00e9pet tudnak vissza\u00e1ll\u00edtani, m\u00e9g form\u00e1z\u00e1s vagy rendszerhiba eset\u00e9n is.<\/p>\n<h2>Gyakran Ism\u00e9telt K\u00e9rd\u00e9sek<\/h2>\n<div class=\"collapsible\" onclick=\"toggleContent(this)\">\n    <i class=\"fas fa-plus\"><\/i> Milyen t\u00edpus\u00fa f\u00e9nyk\u00e9peket lehet helyre\u00e1ll\u00edtani?\n<\/div>\n<div class=\"content\">\n<p>Az alkalmaz\u00e1sok bizonyos esetekben JPG, PNG, GIF \u00e9s ak\u00e1r RAW f\u00e1jlokban is k\u00e9pesek k\u00e9peket vissza\u00e1ll\u00edtani.<\/p>\n<\/div>\n<div class=\"collapsible\" onclick=\"toggleContent(this)\">\n    <i class=\"fas fa-plus\"><\/i> Sz\u00fcks\u00e9gem van root hozz\u00e1f\u00e9r\u00e9sre ezeknek az alkalmaz\u00e1soknak a haszn\u00e1lat\u00e1hoz?\n<\/div>\n<div class=\"content\">\n<p>Nem felt\u00e9tlen\u00fcl. Sok alkalmaz\u00e1s t\u00f6k\u00e9letesen m\u0171k\u00f6dik root hozz\u00e1f\u00e9r\u00e9s n\u00e9lk\u00fcl, k\u00fcl\u00f6n\u00f6sen a nemr\u00e9g t\u00f6r\u00f6lt fot\u00f3k eset\u00e9ben.<\/p>\n<\/div>\n<div class=\"collapsible\" onclick=\"toggleContent(this)\">\n    <i class=\"fas fa-plus\"><\/i> Vissza tudom \u00e1ll\u00edtani a r\u00e9gen t\u00f6r\u00f6lt fot\u00f3kat?\n<\/div>\n<div class=\"content\">\n<p>Att\u00f3l f\u00fcgg, hogyan haszn\u00e1lod a k\u00e9sz\u00fcl\u00e9ked a t\u00f6rl\u00e9s ut\u00e1n. Min\u00e9l kevesebbet haszn\u00e1lod a telefonodat a fot\u00f3 t\u00f6rl\u00e9se ut\u00e1n, ann\u00e1l nagyobb az es\u00e9lye a helyre\u00e1ll\u00edt\u00e1snak.<\/p>\n<\/div>\n<div class=\"collapsible\" onclick=\"toggleContent(this)\">\n    <i class=\"fas fa-plus\"><\/i> iPhone-on \u00e9s Androidon is m\u0171k\u00f6dnek az alkalmaz\u00e1sok?\n<\/div>\n<div class=\"content\">\n<p>A legt\u00f6bb alkalmaz\u00e1s Androidra f\u00f3kusz\u00e1l, de iOS-re is vannak lehet\u0151s\u00e9gek, b\u00e1r a rendszer biztons\u00e1ga miatt t\u00f6bb korl\u00e1toz\u00e1ssal.<\/p>\n<\/div>\n<div class=\"collapsible\" onclick=\"toggleContent(this)\">\n    <i class=\"fas fa-plus\"><\/i> Vissza tudom \u00e1ll\u00edtani a k\u00e9peket a mem\u00f3riak\u00e1rty\u00e1r\u00f3l?\n<\/div>\n<div class=\"content\">\n<p>Igen, a legjobb alkalmaz\u00e1sok a telefonhoz csatlakoztatott SD-k\u00e1rty\u00e1kat is beolvass\u00e1k, \u00e9s vissza tudj\u00e1k \u00e1ll\u00edtani a t\u00f6r\u00f6lt f\u00e9nyk\u00e9peket r\u00f3luk.<\/p>\n<\/div>\n<div class=\"collapsible\" onclick=\"toggleContent(this)\">\n    <i class=\"fas fa-plus\"><\/i> Mikor \u00e9rdemes megpr\u00f3b\u00e1lkozni a fel\u00e9p\u00fcl\u00e9ssel?\n<\/div>\n<div class=\"content\">\n<p>Ide\u00e1lis esetben a k\u00e9p t\u00f6rl\u00e9se ut\u00e1n a lehet\u0151 leggyorsabban megpr\u00f3b\u00e1ljuk, miel\u0151tt \u00faj adat \u00edr\u00f3dik a hely\u00e9re, \u00e9s lehetetlenn\u00e9 teszi a vissza\u00e1ll\u00edt\u00e1st.<\/p>\n<\/div>\n<div class=\"collapsible\" onclick=\"toggleContent(this)\">\n    <i class=\"fas fa-plus\"><\/i> Biztons\u00e1gosak a helyre\u00e1ll\u00edt\u00e1si alkalmaz\u00e1sok?\n<\/div>\n<div class=\"content\">\n<p>Igen, felt\u00e9ve, hogy megb\u00edzhat\u00f3 forr\u00e1sokb\u00f3l, p\u00e9ld\u00e1ul a Google Play \u00c1ruh\u00e1zb\u00f3l vagy az App Store-b\u00f3l t\u00f6lt\u00f6tt\u00e9k le \u0151ket, \u00e9s m\u00e1s felhaszn\u00e1l\u00f3k j\u00f3 v\u00e9lem\u00e9nyekkel rendelkeznek.<\/p>\n<\/div>\n<div class=\"collapsible\" onclick=\"toggleContent(this)\">\n    <i class=\"fas fa-plus\"><\/i> Fenn\u00e1ll a v\u00edrusvesz\u00e9ly ezekben az alkalmaz\u00e1sokban?\n<\/div>\n<div class=\"content\">\n<p>A kock\u00e1zat minim\u00e1lis, ha j\u00f3 h\u00edrn\u00e9vnek \u00f6rvend\u0151 alkalmaz\u00e1sokat v\u00e1lasztasz, \u00e9s nem t\u00f6ltesz le kal\u00f3zverzi\u00f3kat vagy ismeretlen webhelyekr\u0151l sz\u00e1rmaz\u00f3 verzi\u00f3kat.<\/p>\n<\/div>\n<div class=\"collapsible\" onclick=\"toggleContent(this)\">\n    <i class=\"fas fa-plus\"><\/i> Lehets\u00e9ges vide\u00f3kat \u00e9s m\u00e1s f\u00e1jlokat is vissza\u00e1ll\u00edtani a f\u00e9nyk\u00e9peken k\u00edv\u00fcl?\n<\/div>\n<div class=\"content\">\n<p>Igen, ezek k\u00f6z\u00fcl az alkalmaz\u00e1sok k\u00f6z\u00fcl sok k\u00e9pes t\u00f6r\u00f6lt vide\u00f3kat, dokumentumokat \u00e9s ak\u00e1r hangf\u00e1jlokat is vissza\u00e1ll\u00edtani, a vizsg\u00e1lat t\u00edpus\u00e1t\u00f3l f\u00fcgg\u0151en.<\/p>\n<\/div>\n<div class=\"collapsible\" onclick=\"toggleContent(this)\">\n    <i class=\"fas fa-plus\"><\/i> Hogyan ker\u00fclj\u00fck el a f\u00e9nyk\u00e9pek \u00fajb\u00f3li elveszt\u00e9s\u00e9t?\n<\/div>\n<div class=\"content\">\n<p>Haszn\u00e1lj automatikus felh\u0151alap\u00fa biztons\u00e1gi ment\u00e9st lehet\u0151v\u00e9 tev\u0151 alkalmaz\u00e1sokat, p\u00e9ld\u00e1ul a Google Fot\u00f3kat vagy a Dropboxot, \u00e9s ker\u00fcld a rendszer gyors\u00edt\u00f3t\u00e1r\u00e1nak gyakori \u00e9s sz\u00fcks\u00e9gtelen \u00fcr\u00edt\u00e9s\u00e9t.<\/p>\n<\/div>","protected":false},"featured_media":0,"template":"","meta":{"mobile-allow":"act","post-descricao":"Recupere fotos apagadas do seu celular com facilidade usando aplicativos que restauram imagens perdidas de forma r\u00e1pida, segura e sem compl","texto-interacao":"O que voc\u00ea deseja?","desativar-content1":"","bt-1":"Recuperar Fotos e V\u00eddeos Perdidos","lk-1":"https:\/\/dicastutorial.com\/aplicativos-gratis-para-recuperar-fotos-e-videos-perdidos\/","bt-2":"Recuperar fotos apagadas","lk-2":"https:\/\/dicastutorial.com\/aplicativos-gratis-para-recuperar-fotos-apagadas\/","bt-3":"","lk-3":"","bt-4":"","lk-4":""},"categories":[19],"class_list":{"0":"post-1778","1":"revidia_lp","2":"type-revidia_lp","3":"status-publish","5":"category-aplicativos"},"_links":{"self":[{"href":"https:\/\/dicastutorial.com\/hu\/wp-json\/wp\/v2\/revidia_lp\/1778","targetHints":{"allow":["GET"]}}],"collection":[{"href":"https:\/\/dicastutorial.com\/hu\/wp-json\/wp\/v2\/revidia_lp"}],"about":[{"href":"https:\/\/dicastutorial.com\/hu\/wp-json\/wp\/v2\/types\/revidia_lp"}],"wp:attachment":[{"href":"https:\/\/dicastutorial.com\/hu\/wp-json\/wp\/v2\/media?parent=1778"}],"wp:term":[{"taxonomy":"category","embeddable":true,"href":"https:\/\/dicastutorial.com\/hu\/wp-json\/wp\/v2\/categories?post=1778"}],"curies":[{"name":"munkaf\u00fczet","href":"https:\/\/api.w.org\/{rel}","templated":true}]}}